{"id":3213,"date":"2025-12-09T17:50:55","date_gmt":"2025-12-09T15:50:55","guid":{"rendered":"https:\/\/wasikoelle.com\/es\/event\/unidos-in-kolle\/"},"modified":"2026-02-28T00:03:02","modified_gmt":"2026-02-27T22:03:02","slug":"unidos-in-kolle","status":"expired","type":"event_listing","link":"https:\/\/wasikoelle.com\/de\/event\/unidos-in-kolle\/","title":{"rendered":"Gemeinsam in K\u00f6ln"},"content":{"rendered":"<p>\ud83c\udf89 Unidos en K\u00f6lle beginnt bald \ud83d\udc96<\/p>\n<p>\ud83d\udc68\u200d\ud83d\udc69\u200d\ud83d\udc67\u200d\ud83d\udc66 Es handelt sich um einen Ort f\u00fcr Familien, an dem sie in einer vertrauten und unterst\u00fctzenden Umgebung begleitet und beraten werden. Wir m\u00f6chten einen Ort schaffen, an dem sich jede Familie willkommen und begleitet f\u00fchlt. \ud83c\udf08\u2728<\/p>\n<p>Sie konzentrieren sich auf Themen wie Identit\u00e4t, Sprache, Alltag mit Migrationshintergrund und famili\u00e4re Fragen, d. h. sowohl praktische als auch kulturelle und soziale Unterst\u00fctzung.<\/p>\n<p>\u00a0<\/p>\n<p>Die Treffen finden zu festen Terminen statt, sodass die Familien im Voraus planen und kontinuierlich daran teilnehmen k\u00f6nnen.<\/p>\n<p>Wir arbeiten mit einem erfahrenen Sozialarbeiter (Muttersprache Spanisch) zusammen, der auch f\u00fcr pers\u00f6nliche Beratungsgespr\u00e4che zur Verf\u00fcgung steht.<\/p>\n<p>\u00a0<\/p>\n<p>\ud83d\udccd Ort: Severinswall 37, 50678 K\u00f6ln<\/p>\n<p>Wasi K\u00f6lle e.V.<\/p>\n<p>\u2728 Es werden verschiedene Aktivit\u00e4ten durchgef\u00fchrt, darunter:<\/p>\n<p>\u00a0\u2022 Spiele und Aktivit\u00e4ten, um uns besser kennenzulernen \ud83d\udcac\ud83e\udd17<\/p>\n<p>\u00a0\u2022 Bastelaktivit\u00e4ten f\u00fcr Eltern und Kinder \u2702\ufe0f\ud83c\udfa8<\/p>\n<p>\u00a0\u2022 N\u00e4he, Unterst\u00fctzung und Freude in der Gemeinschaft \ud83e\udd1d<\/p>\n<p>\ud83d\udce9 Anmeldung: wasi.koelle@gmail.com<\/p>\n<p>Bitte gib bei deiner Anmeldung Folgendes an:<\/p>\n<p>\u00a0\u2022 Wer sind die Teilnehmer?<\/p>\n<p>\u00a0\u2022 Wie viele sind es insgesamt?<\/p>\n<p>\u00a0\u2022 Wenn Sie mit Kindern kommen: Wie viele und wie alt sind sie? \ud83d\udc76\ud83d\udc67\ud83d\udc66<\/p>\n<p>\ud83d\udcab Wir erwarten Sie mit offenen Armen, um gemeinsam zu wachsen und Freude in der Gemeinschaft zu haben!<\/p>\n<p>Wenn ihr weitere Informationen \u00fcber Unidos in K\u00f6lle oder die aktuellen Termine w\u00fcnscht, schreibt uns bitte an wasi.koelle@gmail.com.<\/p>\n\n\n<p><\/p>","protected":false},"featured_media":3217,"template":"","meta":[],"event_listing_category":[38],"event_listing_type":[63],"class_list":["post-3213","event_listing","type-event_listing","status-expired","has-post-thumbnail","hentry","event_listing_category-community-culture","event_listing_type-social"],"blocksy_meta":[],"_links":{"self":[{"href":"https:\/\/wasikoelle.com\/de\/wp-json\/wp\/v2\/event_listing\/3213","targetHints":{"allow":["GET"]}}],"collection":[{"href":"https:\/\/wasikoelle.com\/de\/wp-json\/wp\/v2\/event_listing"}],"about":[{"href":"https:\/\/wasikoelle.com\/de\/wp-json\/wp\/v2\/types\/event_listing"}],"wp:featuredmedia":[{"embeddable":true,"href":"https:\/\/wasikoelle.com\/de\/wp-json\/wp\/v2\/media\/3217"}],"wp:attachment":[{"href":"https:\/\/wasikoelle.com\/de\/wp-json\/wp\/v2\/media?parent=3213"}],"wp:term":[{"taxonomy":"event_listing_category","embeddable":true,"href":"https:\/\/wasikoelle.com\/de\/wp-json\/wp\/v2\/event_listing_category?post=3213"},{"taxonomy":"event_listing_type","embeddable":true,"href":"https:\/\/wasikoelle.com\/de\/wp-json\/wp\/v2\/event_listing_type?post=3213"}],"curies":[{"name":"wp","href":"https:\/\/api.w.org\/{rel}","templated":true}]}}