{"id":2994,"date":"2025-10-15T14:21:08","date_gmt":"2025-10-15T12:21:08","guid":{"rendered":"https:\/\/wasikoelle.com\/es\/event\/%f0%9f%92%80%f0%9f%8c%b8-dia-de-muertos-en-wasi-kolle-e-v\/"},"modified":"2025-11-03T00:44:28","modified_gmt":"2025-11-02T22:44:28","slug":"%f0%9f%92%80%f0%9f%8c%b8-dia-de-muertos-en-wasi-kolle-e-v","status":"expired","type":"event_listing","link":"https:\/\/wasikoelle.com\/de\/event\/%f0%9f%92%80%f0%9f%8c%b8-dia-de-muertos-en-wasi-kolle-e-v\/","title":{"rendered":"\ud83d\udc80\ud83c\udf38 TAG DER TOTEN BEI WASI K\u00d6LLE e.V."},"content":{"rendered":"<p>\ud83d\udc80\ud83c\udf38 TAG DER TOTEN BEI WASI K\u00d6LLE e.V.<\/p>\n<p>Eine Tradition, die Herzen \u00fcber Sprachgrenzen hinweg verbindet.<\/p>\n<p class=\"translation-block\">Wasi K\u00f6lle e.V. l\u00e4dt Sie zu einem bedeutungsvollen Nachmittag ein:<br>einem Zusammentreffen von Kulturen, Emotionen und Erinnerungen, um eine der beliebtesten Traditionen Mexikos zu ehren:<br>den Tag der Toten.<\/p>\n<p class=\"translation-block\">\ud83c\udfa8 Unsere liebe Leticia Sansores wird ein wesentlicher Teil dieser Feierlichkeiten sein und ihre Kunst- und Handwerksausstellung pr\u00e4sentieren, die von den Farben, Symbolen und Gef\u00fchlen inspiriert ist, die dieser mexikanischen Tradition Leben einhauchen.<\/p>\n<p class=\"translation-block\">\ud83d\udc67 Au\u00dferdem gibt es Kinderschminken und eine fr\u00f6hliche, famili\u00e4re Atmosph\u00e4re,<br>damit auch die Kleinsten die Magie und Farbenpracht des Tages der Toten erleben k\u00f6nnen.<\/p>\n<p class=\"translation-block\">\ud83c\udf5e An diesem Tag gibt es auch Pan de Muerto (Totenkopfbrot) und Tamales, damit wir ein St\u00fcckchen Mexiko genie\u00dfen und mit Freunden teilen k\u00f6nnen.<\/p>\n<p class=\"translation-block\">\ud83d\udd6f\ufe0f Im Zentrum der Veranstaltung wird ein authentischer Altar zum Tag der Toten errichtet, ein Ort der Liebe und des Respekts, der allen offensteht. Wer m\u00f6chte, kann Fotos oder Opfergaben mitbringen, um seinen Lieben zu gedenken.<\/p>\n<p class=\"translation-block\">W\u00e4hrend der Zeremonie wird Alma \u2013 Mexikanerin, Freundin, Partnerin und Mitarbeiterin unseres Vereins \u2013 uns aus ihrer Erfahrung und ihrem Herzen heraus erz\u00e4hlen, wie die Mexikaner diesen heiligen Tag erleben:<br>\nnicht als Fest, sondern als Wiedersehen mit denen, die wir lieben.<br>\nAn diesem Tag kehren wir zu ihnen zur\u00fcck, mit Blumen, mit Licht und mit allem, was ihnen im Leben Freude bereitet hat.\nIhre Musik, ihr Essen, ihre Getr\u00e4nke, ihre Erinnerungen sind nur eine M\u00f6glichkeit, uns an sie zu erinnern. Es ist auch eine Art, zu feiern, wie sie gelebt, gelacht und geliebt haben.\n<br>Und vor allem tun wir dies mit unserer ganzen Liebe.<\/p>\n<p class=\"translation-block\">Gleichzeitig wird Ana \u2013 eine deutsche Freundin und Mitarbeiterin von Wasi K\u00f6lle e.V. \u2013<br>\ndiese Botschaft auf Deutsch weitergeben,\ndamit wir alle \u2013 Mexikaner, Deutsche, Lateinamerikaner und Freunde aus aller Welt gemeinsam die Tiefe dieser Tradition sp\u00fcren und verstehen k\u00f6nnen.<\/p>\n<p class=\"translation-block\">\u2728 Bei Wasi K\u00f6lle e.V. glauben wir, dass der Tag der Toten nicht nur einem Land geh\u00f6rt, sondern dem menschlichen Herzen. Wir m\u00f6chten, dass alle diesen Moment verstehen, teilen und erleben k\u00f6nnen: einen Tag, an dem die Erinnerung zu einer Br\u00fccke wird und die Liebe das Vergessen besiegt.<\/p>\n<p class=\"translation-block\">\ud83d\udcac Denn der Tag der Toten wird nicht gefeiert, sondern geehrt. <br>Es ist ein Akt der Liebe, der Dankbarkeit und der Pr\u00e4senz. <br>Eine Art zu sagen, dass diejenigen, die wir lieben, niemals ganz von uns gehen.<\/p>\n<p>\ud83c\udf3a Komm, verbringe diesen wundersch\u00f6nen Tag mit uns.<\/p>","protected":false},"featured_media":2996,"template":"","meta":[],"event_listing_category":[41],"event_listing_type":[49],"class_list":["post-2994","event_listing","type-event_listing","status-expired","has-post-thumbnail","hentry","event_listing_category-film-media-entertainment","event_listing_type-fiesta"],"blocksy_meta":[],"_links":{"self":[{"href":"https:\/\/wasikoelle.com\/de\/wp-json\/wp\/v2\/event_listing\/2994","targetHints":{"allow":["GET"]}}],"collection":[{"href":"https:\/\/wasikoelle.com\/de\/wp-json\/wp\/v2\/event_listing"}],"about":[{"href":"https:\/\/wasikoelle.com\/de\/wp-json\/wp\/v2\/types\/event_listing"}],"wp:featuredmedia":[{"embeddable":true,"href":"https:\/\/wasikoelle.com\/de\/wp-json\/wp\/v2\/media\/2996"}],"wp:attachment":[{"href":"https:\/\/wasikoelle.com\/de\/wp-json\/wp\/v2\/media?parent=2994"}],"wp:term":[{"taxonomy":"event_listing_category","embeddable":true,"href":"https:\/\/wasikoelle.com\/de\/wp-json\/wp\/v2\/event_listing_category?post=2994"},{"taxonomy":"event_listing_type","embeddable":true,"href":"https:\/\/wasikoelle.com\/de\/wp-json\/wp\/v2\/event_listing_type?post=2994"}],"curies":[{"name":"wp","href":"https:\/\/api.w.org\/{rel}","templated":true}]}}