{"id":2947,"date":"2025-10-14T17:01:23","date_gmt":"2025-10-14T15:01:23","guid":{"rendered":"https:\/\/wasikoelle.com\/es\/event\/%f0%9f%8e%b6-ruta-musical-musica-que-te-transporta-a-sudamerica-%f0%9f%8e%b6\/"},"modified":"2025-10-18T00:46:33","modified_gmt":"2025-10-17T22:46:33","slug":"%f0%9f%8e%b6-ruta-musical-musica-que-te-transporta-a-sudamerica-%f0%9f%8e%b6","status":"expired","type":"event_listing","link":"https:\/\/wasikoelle.com\/de\/event\/%f0%9f%8e%b6-ruta-musical-musica-que-te-transporta-a-sudamerica-%f0%9f%8e%b6\/","title":{"rendered":"\ud83c\udfb6 MUSIKALISCHE REISE: Musik, die dich nach S\u00fcdamerika entf\u00fchrt \ud83c\udfb6"},"content":{"rendered":"<p>\ud83c\udfb6 MUSIKALISCHE REISE: Musik, die dich nach S\u00fcdamerika entf\u00fchrt \ud83c\udfb6<\/p>\n<p>Taucht ein in die rhythmische und farbenfrohe Welt Lateinamerikas!<br \/>Jos\u00e9 Luis Vargas (Akkordeon, Percussion und Zirkus) und Fabi\u00e1n Schmidt (Synthesizer und lateinamerikanische Kl\u00e4nge) laden Sie zu einer musikalischen Reise durch Cumbias, Boleros und Melodien aus Chile, Peru und ganz Lateinamerika ein, voller Energie, Gef\u00fchl und lateinamerikanischem Herz.<\/p>\n<p>\u2728 Lokaler Gastk\u00fcnstler: Giordano V\u00e9jar.<\/p>\n<p class=\"translation-block\">\ud83d\udccd Ort: Severinswall 37, K\u00f6ln.<br>\ud83d\uddd3\ufe0f Freitag, 17. Oktober. <br>\ud83d\udd56 Einlass ab 19:00 Uhr.<br>\ud83d\udd57 Konzertbeginn um 20:00 Uhr.<br>\ud83c\udf9f\ufe0f Eintritt frei: Der Hut wird herumgereicht (freiwilliger Beitrag).<\/p>\n<p>Pr\u00e4sentiert von Wasi K\u00f6lle e.V.<\/p>\n<p>Kommt und genie\u00dft einen Abend voller Musik, Freude und s\u00fcdamerikanischer Atmosph\u00e4re! \ud83d\udc83\ud83e\ude97\u2728<\/p>\n<p class=\"translation-block\">Mit lieben Gr\u00fc\u00dfen,<br>Eure M\u00e4dchen von Wasi \u2764\ufe0f<\/p>","protected":false},"featured_media":2948,"template":"","meta":[],"event_listing_category":[41],"event_listing_type":[48],"class_list":["post-2947","event_listing","type-event_listing","status-expired","has-post-thumbnail","hentry","event_listing_category-film-media-entertainment","event_listing_type-concierto"],"blocksy_meta":[],"_links":{"self":[{"href":"https:\/\/wasikoelle.com\/de\/wp-json\/wp\/v2\/event_listing\/2947","targetHints":{"allow":["GET"]}}],"collection":[{"href":"https:\/\/wasikoelle.com\/de\/wp-json\/wp\/v2\/event_listing"}],"about":[{"href":"https:\/\/wasikoelle.com\/de\/wp-json\/wp\/v2\/types\/event_listing"}],"wp:featuredmedia":[{"embeddable":true,"href":"https:\/\/wasikoelle.com\/de\/wp-json\/wp\/v2\/media\/2948"}],"wp:attachment":[{"href":"https:\/\/wasikoelle.com\/de\/wp-json\/wp\/v2\/media?parent=2947"}],"wp:term":[{"taxonomy":"event_listing_category","embeddable":true,"href":"https:\/\/wasikoelle.com\/de\/wp-json\/wp\/v2\/event_listing_category?post=2947"},{"taxonomy":"event_listing_type","embeddable":true,"href":"https:\/\/wasikoelle.com\/de\/wp-json\/wp\/v2\/event_listing_type?post=2947"}],"curies":[{"name":"wp","href":"https:\/\/api.w.org\/{rel}","templated":true}]}}